{"id":1319,"date":"2021-04-07T19:40:27","date_gmt":"2021-04-07T17:40:27","guid":{"rendered":"https:\/\/anv-obererneckar.de\/?page_id=1319"},"modified":"2022-09-13T06:37:04","modified_gmt":"2022-09-13T04:37:04","slug":"riesen-baerenklau-2","status":"publish","type":"page","link":"https:\/\/anv-obererneckar.de\/?page_id=1319","title":{"rendered":"Riesen-B\u00e4renklau"},"content":{"rendered":"\n<p>Diese Herkulesstaude (Heracleum mantegazzianum) stamm aus dem Kaukasus und wurde nach Europa im 19. Jahrhundert eingef\u00fchrt. Die Pflanze bereitet sich immer st\u00e4rker auch in unserem Raum, entlang des Neckars. Wir vom Angel- und Naturschutzverein sind jedes Jahr dabei die Verbreitung dieser Pflanze bei uns zu bek\u00e4mpfen, aber es ist kein leichter Job. Jede Aktion ist mit gesundheitlichen Gefahren verbunden. Es erfordert besondere Schutzma\u00dfnahme und Kenntnisse die Pflanze ordnungsgem\u00e4\u00df zu entfernen. <strong>Umso wichtiger ist es uns, vor Gefahren zu warnen<\/strong>, da die Riesen-B\u00e4renklau immer h\u00e4ufiger am Neckarufer, aber auch auf Wiesen zu finden ist.<\/p>\n\n\n\n<figure class=\"wp-block-gallery aligncenter has-nested-images columns-4 is-cropped wp-block-gallery-1 is-layout-flex wp-block-gallery-is-layout-flex\">\n<figure class=\"wp-block-image size-thumbnail\"><a href=\"https:\/\/anv-obererneckar.de\/wp-content\/uploads\/2021\/04\/DSC_0527-scaled.jpg\"><img loading=\"lazy\" decoding=\"async\" width=\"150\" height=\"150\" data-id=\"1323\" src=\"https:\/\/anv-obererneckar.de\/wp-content\/uploads\/2021\/04\/DSC_0527-150x150.jpg\" alt=\"\" class=\"wp-image-1323\"\/><\/a><\/figure>\n\n\n\n<figure class=\"wp-block-image size-thumbnail\"><a href=\"https:\/\/anv-obererneckar.de\/wp-content\/uploads\/2020\/12\/grafik-1.png\"><img loading=\"lazy\" decoding=\"async\" width=\"150\" height=\"150\" data-id=\"1135\" src=\"https:\/\/anv-obererneckar.de\/wp-content\/uploads\/2020\/12\/grafik-1-150x150.png\" alt=\"\" class=\"wp-image-1135\"\/><\/a><\/figure>\n\n\n\n<figure class=\"wp-block-image size-thumbnail\"><a href=\"https:\/\/anv-obererneckar.de\/wp-content\/uploads\/2020\/05\/20200523_100722-scaled.jpg\"><img loading=\"lazy\" decoding=\"async\" width=\"150\" height=\"150\" data-id=\"226\" src=\"https:\/\/anv-obererneckar.de\/wp-content\/uploads\/2020\/05\/20200523_100722-150x150.jpg\" alt=\"\" class=\"wp-image-226\"\/><\/a><\/figure>\n\n\n\n<figure class=\"wp-block-image size-thumbnail\"><a href=\"https:\/\/anv-obererneckar.de\/wp-content\/uploads\/2020\/05\/20200523_104441-scaled.jpg\"><img loading=\"lazy\" decoding=\"async\" width=\"150\" height=\"150\" data-id=\"232\" src=\"https:\/\/anv-obererneckar.de\/wp-content\/uploads\/2020\/05\/20200523_104441-150x150.jpg\" alt=\"\" class=\"wp-image-232\"\/><\/a><\/figure>\n<\/figure>\n\n\n\n<p>Die Pflanze vermehrt sich nicht \u00fcber die Wurzeln, sondern \u00fcber die gro\u00dfe Anzahl von Samen. Bis zu 50.000 schwimmf\u00e4hige Exemplare k\u00f6nnen das sein. Noch dazu seien sie bis zu zehn Jahre keimf\u00e4hig. Die Pflanze verteilt sich sehr schnell \u00fcber unsere Gew\u00e4sser. <strong>Der Saft der Pflanze<\/strong> enth\u00e4lt photosensibilisierende Substanze (Furanocoumarine), die in Verbindung mit UV-Strahlung (Sonnenlicht) <strong>teilweise zu schweren Verbrennungen bis zum 3. Grad f\u00fchren k\u00f6nnen<\/strong>, auch bis zu 2 Stunden nach dem Hautkontakt.<\/p>\n\n\n\n<p>Es gibt einige Ma\u00dfnahmen, die eingesetzt werden. Wir m\u00f6chten Dir nur die einfachste vorstellen. Alle Bek\u00e4mpfungsma\u00dfnahmen sind mit gesundheitlichem Risiko verbunden. Im Zweifelfall <strong>am besten uns benachrichtigen, den Standort so genau wie m\u00f6glich mitteilen<\/strong> und wir k\u00fcmmern uns um die Bek\u00e4mpfung. Solltest Du es dennoch in Erw\u00e4gung ziehen es selber zu entfernen, so bitte beachte:<\/p>\n\n\n\n<ul class=\"wp-block-list\"><li>Am besten vor der Bl\u00fctenzeit erkennen und bek\u00e4mpfen<\/li><li>Vollst\u00e4ndige Bekleidung, auch Handschuhe und Brillen sch\u00fctzen noch mehr<\/li><li>Geeignete Werkzeuge: Spaten und Spitzhacke<\/li><li>Durchf\u00fchrung der Arbeiten am besten bei bedecktem Himmel (geringere UV-Strahlung)<\/li><li>NICHT M\u00e4hen!<\/li><li>Die Pflanze von der Wurzeln (oberen Drittel) vorsichtig abtrennen (s. u. detaillierte Informationen) und an einer geeigneten Stelle zum Trocknen liegen lassen (mit Schnittfl\u00e4che nach oben, damit es nicht wieder anw\u00e4chst), alternativ in den Hausm\u00fcll entsorgen<\/li><li>Wurzel, der ca. 15 cm unter der Oberfl\u00e4che sitzt, ausgraben und, am besten eingepackt, \u00fcber den Restm\u00fcll entsorgen.<\/li><li>Den Platz ein paar Wochen sp\u00e4ter nachkontrollieren, ob die Pflanze nicht nachgewachsen ist<\/li><\/ul>\n\n\n\n<figure class=\"wp-block-gallery aligncenter has-nested-images columns-5 is-cropped wp-block-gallery-2 is-layout-flex wp-block-gallery-is-layout-flex\">\n<figure class=\"wp-block-image size-thumbnail\"><a href=\"https:\/\/anv-obererneckar.de\/wp-content\/uploads\/2021\/04\/IMG-20190514-WA0004.jpg\"><img loading=\"lazy\" decoding=\"async\" width=\"150\" height=\"150\" data-id=\"1337\" src=\"https:\/\/anv-obererneckar.de\/wp-content\/uploads\/2021\/04\/IMG-20190514-WA0004-150x150.jpg\" alt=\"\" class=\"wp-image-1337\"\/><\/a><\/figure>\n\n\n\n<figure class=\"wp-block-image size-thumbnail\"><a href=\"https:\/\/anv-obererneckar.de\/wp-content\/uploads\/2020\/09\/Presse-09.09.2020.original700.jpg\"><img loading=\"lazy\" decoding=\"async\" width=\"150\" height=\"150\" data-id=\"474\" src=\"https:\/\/anv-obererneckar.de\/wp-content\/uploads\/2020\/09\/Presse-09.09.2020.original700-150x150.jpg\" alt=\"\" class=\"wp-image-474\"\/><\/a><\/figure>\n\n\n\n<figure class=\"wp-block-image size-thumbnail\"><a href=\"https:\/\/anv-obererneckar.de\/wp-content\/uploads\/2021\/04\/IMG-20190514-WA0003.jpg\"><img loading=\"lazy\" decoding=\"async\" width=\"150\" height=\"150\" data-id=\"1336\" src=\"https:\/\/anv-obererneckar.de\/wp-content\/uploads\/2021\/04\/IMG-20190514-WA0003-150x150.jpg\" alt=\"\" class=\"wp-image-1336\"\/><\/a><\/figure>\n\n\n\n<figure class=\"wp-block-image size-thumbnail\"><a href=\"https:\/\/anv-obererneckar.de\/wp-content\/uploads\/2020\/05\/20200523_100640-scaled.jpg\"><img loading=\"lazy\" decoding=\"async\" width=\"150\" height=\"150\" data-id=\"224\" src=\"https:\/\/anv-obererneckar.de\/wp-content\/uploads\/2020\/05\/20200523_100640-150x150.jpg\" alt=\"\" class=\"wp-image-224\"\/><\/a><\/figure>\n\n\n\n<figure class=\"wp-block-image size-thumbnail\"><a href=\"https:\/\/anv-obererneckar.de\/wp-content\/uploads\/2020\/05\/20200523_101523-scaled.jpg\"><img loading=\"lazy\" decoding=\"async\" width=\"150\" height=\"150\" data-id=\"230\" src=\"https:\/\/anv-obererneckar.de\/wp-content\/uploads\/2020\/05\/20200523_101523-150x150.jpg\" alt=\"\" class=\"wp-image-230\"\/><\/a><\/figure>\n<\/figure>\n\n\n\n<p><strong>Wer uns unterst\u00fctzen will, diese Pflanze zur\u00fcckzudr\u00e4ngen, kann sich zu den Arbeitsdiensten melden. Wir werden uns \u00fcber jede Hilfe freuen!<\/strong><\/p>\n\n\n\n<div class=\"wp-block-buttons\">\n<div class=\"wp-block-button\"><a class=\"wp-block-button__link\" href=\"https:\/\/anv-obererneckar.de\/wp-content\/uploads\/2021\/04\/bekaempfung-herkulesstaude.pdf\" target=\"_blank\" rel=\"noreferrer noopener\">detaillierte Informationen als PDF<\/a><\/div>\n<\/div>\n\n\n\n<p><\/p>\n","protected":false},"excerpt":{"rendered":"<p>Diese Herkulesstaude (Heracleum mantegazzianum) stamm aus dem Kaukasus und wurde nach Europa im 19. Jahrhundert eingef\u00fchrt. Die Pflanze bereitet sich immer st\u00e4rker auch in unserem Raum, entlang des Neckars. Wir vom Angel- und Naturschutzverein sind jedes Jahr dabei die Verbreitung dieser Pflanze bei uns zu bek\u00e4mpfen, aber es ist kein leichter Job. Jede Aktion ist&hellip;&nbsp;<a href=\"https:\/\/anv-obererneckar.de\/?page_id=1319\" rel=\"bookmark\">Weiterlesen &raquo;<span class=\"screen-reader-text\">Riesen-B\u00e4renklau<\/span><\/a><\/p>\n","protected":false},"author":2,"featured_media":0,"parent":0,"menu_order":0,"comment_status":"closed","ping_status":"closed","template":"","meta":{"neve_meta_sidebar":"full-width","neve_meta_container":"default","neve_meta_enable_content_width":"on","neve_meta_content_width":100,"neve_meta_title_alignment":"","neve_meta_author_avatar":"","neve_post_elements_order":"","neve_meta_disable_header":"","neve_meta_disable_footer":"","neve_meta_disable_title":"","footnotes":""},"class_list":["post-1319","page","type-page","status-publish","hentry"],"_links":{"self":[{"href":"https:\/\/anv-obererneckar.de\/index.php?rest_route=\/wp\/v2\/pages\/1319","targetHints":{"allow":["GET"]}}],"collection":[{"href":"https:\/\/anv-obererneckar.de\/index.php?rest_route=\/wp\/v2\/pages"}],"about":[{"href":"https:\/\/anv-obererneckar.de\/index.php?rest_route=\/wp\/v2\/types\/page"}],"author":[{"embeddable":true,"href":"https:\/\/anv-obererneckar.de\/index.php?rest_route=\/wp\/v2\/users\/2"}],"replies":[{"embeddable":true,"href":"https:\/\/anv-obererneckar.de\/index.php?rest_route=%2Fwp%2Fv2%2Fcomments&post=1319"}],"version-history":[{"count":16,"href":"https:\/\/anv-obererneckar.de\/index.php?rest_route=\/wp\/v2\/pages\/1319\/revisions"}],"predecessor-version":[{"id":1795,"href":"https:\/\/anv-obererneckar.de\/index.php?rest_route=\/wp\/v2\/pages\/1319\/revisions\/1795"}],"wp:attachment":[{"href":"https:\/\/anv-obererneckar.de\/index.php?rest_route=%2Fwp%2Fv2%2Fmedia&parent=1319"}],"curies":[{"name":"wp","href":"https:\/\/api.w.org\/{rel}","templated":true}]}}