{"id":20,"date":"2020-03-24T19:50:30","date_gmt":"2020-03-24T18:50:30","guid":{"rendered":"http:\/\/anv-obererneckar.de\/?page_id=20"},"modified":"2026-03-21T15:35:45","modified_gmt":"2026-03-21T14:35:45","slug":"unser-verein","status":"publish","type":"page","link":"https:\/\/anv-obererneckar.de\/?page_id=20","title":{"rendered":"Unser Verein"},"content":{"rendered":"\n<div class=\"container\">\n <div class=\"row\">\n  <div class=\"col-sm-8\">\n<p>Der Angel- und Naturschutzverein Oberer Neckar e.V. wurde als&nbsp; Sportanglererein Oberndorf a.N. e.V.&nbsp;am 07.09.1952 im Gasthaus Pfauen in Oberndorf gegr\u00fcndet. Er hatte am Anfang 11 Mitglieder.<\/p>\n<p>Die Namens\u00e4nderung erfolgte am 19.05.2020. Heute geh\u00f6ren dem Verein <b>72 aktive Mitglieder, 4 Ehrenmitglieder, 8 passive Mitglieder, 5 Gastfischer und 15 jugendliche Fischer<\/b> an.<\/p>\n<p>Der Verein ist Mitglied im <br>\n<a href=\"https:\/\/www.lfvbw.de\/\" target=\"_blank\" rel=\"noopener noreferrer\"><img decoding=\"async\" src=\"https:\/\/anv-obererneckar.de\/wp-content\/uploads\/2020\/11\/lfvbw_logo.png\" alt=\"HTML tutorial\" style=\"width:42px;height:42px;\"><\/a> \n Landesfischereiverband Baden \u2013 W\u00fcrttemberg e.V.<\/p>\n  <\/div>\n  <div class=\"col-sm-4\">\n   <img decoding=\"async\" src=\"https:\/\/anv-obererneckar.de\/wp-content\/uploads\/2020\/11\/pfauen.png\" alt=\"Pfauen\" style=\"width:150px;height:150px;\">\n  <img decoding=\"async\" src=\"https:\/\/anv-obererneckar.de\/wp-content\/uploads\/2020\/11\/altes_logo.png\" alt=\"altes Logo\" style=\"width:150px;height:150px;\">\n  <\/div>\n <\/div>\n<\/div>\n\n\n\n<p><\/p>\n\n\n\n<figure class=\"wp-block-gallery has-nested-images columns-5 is-cropped wp-block-gallery-1 is-layout-flex wp-block-gallery-is-layout-flex\">\n<figure class=\"wp-block-image size-large\"><a href=\"https:\/\/anv-obererneckar.de\/wp-content\/uploads\/2020\/11\/NeckarAltObdrf.jpg\"><img loading=\"lazy\" decoding=\"async\" width=\"906\" height=\"1024\" data-id=\"993\" src=\"https:\/\/anv-obererneckar.de\/wp-content\/uploads\/2020\/11\/NeckarAltObdrf-906x1024.jpg\" alt=\"\" class=\"wp-image-993\" srcset=\"https:\/\/anv-obererneckar.de\/wp-content\/uploads\/2020\/11\/NeckarAltObdrf-906x1024.jpg 906w, https:\/\/anv-obererneckar.de\/wp-content\/uploads\/2020\/11\/NeckarAltObdrf-265x300.jpg 265w, https:\/\/anv-obererneckar.de\/wp-content\/uploads\/2020\/11\/NeckarAltObdrf-768x868.jpg 768w, https:\/\/anv-obererneckar.de\/wp-content\/uploads\/2020\/11\/NeckarAltObdrf-1358x1536.jpg 1358w, https:\/\/anv-obererneckar.de\/wp-content\/uploads\/2020\/11\/NeckarAltObdrf-1811x2048.jpg 1811w, https:\/\/anv-obererneckar.de\/wp-content\/uploads\/2020\/11\/NeckarAltObdrf.jpg 1982w\" sizes=\"auto, (max-width: 906px) 100vw, 906px\" \/><\/a><\/figure>\n\n\n\n<figure class=\"wp-block-image size-large\"><a href=\"https:\/\/anv-obererneckar.de\/wp-content\/uploads\/2020\/11\/NeckarAistaig.jpg\"><img loading=\"lazy\" decoding=\"async\" width=\"887\" height=\"1024\" data-id=\"992\" src=\"https:\/\/anv-obererneckar.de\/wp-content\/uploads\/2020\/11\/NeckarAistaig-887x1024.jpg\" alt=\"\" class=\"wp-image-992\" srcset=\"https:\/\/anv-obererneckar.de\/wp-content\/uploads\/2020\/11\/NeckarAistaig-887x1024.jpg 887w, https:\/\/anv-obererneckar.de\/wp-content\/uploads\/2020\/11\/NeckarAistaig-260x300.jpg 260w, https:\/\/anv-obererneckar.de\/wp-content\/uploads\/2020\/11\/NeckarAistaig-768x886.jpg 768w, https:\/\/anv-obererneckar.de\/wp-content\/uploads\/2020\/11\/NeckarAistaig-1331x1536.jpg 1331w, https:\/\/anv-obererneckar.de\/wp-content\/uploads\/2020\/11\/NeckarAistaig-1775x2048.jpg 1775w, https:\/\/anv-obererneckar.de\/wp-content\/uploads\/2020\/11\/NeckarAistaig.jpg 1903w\" sizes=\"auto, (max-width: 887px) 100vw, 887px\" \/><\/a><\/figure>\n\n\n\n<figure class=\"wp-block-image size-large\"><a href=\"https:\/\/anv-obererneckar.de\/wp-content\/uploads\/2020\/11\/NeckarDieselhalde.jpg\"><img loading=\"lazy\" decoding=\"async\" width=\"896\" height=\"1024\" data-id=\"994\" src=\"https:\/\/anv-obererneckar.de\/wp-content\/uploads\/2020\/11\/NeckarDieselhalde-896x1024.jpg\" alt=\"\" class=\"wp-image-994\" srcset=\"https:\/\/anv-obererneckar.de\/wp-content\/uploads\/2020\/11\/NeckarDieselhalde-896x1024.jpg 896w, https:\/\/anv-obererneckar.de\/wp-content\/uploads\/2020\/11\/NeckarDieselhalde-263x300.jpg 263w, https:\/\/anv-obererneckar.de\/wp-content\/uploads\/2020\/11\/NeckarDieselhalde-768x877.jpg 768w, https:\/\/anv-obererneckar.de\/wp-content\/uploads\/2020\/11\/NeckarDieselhalde-1344x1536.jpg 1344w, https:\/\/anv-obererneckar.de\/wp-content\/uploads\/2020\/11\/NeckarDieselhalde-1793x2048.jpg 1793w, https:\/\/anv-obererneckar.de\/wp-content\/uploads\/2020\/11\/NeckarDieselhalde.jpg 2014w\" sizes=\"auto, (max-width: 896px) 100vw, 896px\" \/><\/a><\/figure>\n\n\n\n<figure class=\"wp-block-image size-large\"><a href=\"https:\/\/anv-obererneckar.de\/wp-content\/uploads\/2020\/11\/TeichInDerAustrasse.jpg\"><img loading=\"lazy\" decoding=\"async\" width=\"884\" height=\"1024\" data-id=\"997\" src=\"https:\/\/anv-obererneckar.de\/wp-content\/uploads\/2020\/11\/TeichInDerAustrasse-884x1024.jpg\" alt=\"\" class=\"wp-image-997\" srcset=\"https:\/\/anv-obererneckar.de\/wp-content\/uploads\/2020\/11\/TeichInDerAustrasse-884x1024.jpg 884w, https:\/\/anv-obererneckar.de\/wp-content\/uploads\/2020\/11\/TeichInDerAustrasse-259x300.jpg 259w, https:\/\/anv-obererneckar.de\/wp-content\/uploads\/2020\/11\/TeichInDerAustrasse-768x889.jpg 768w, https:\/\/anv-obererneckar.de\/wp-content\/uploads\/2020\/11\/TeichInDerAustrasse-1326x1536.jpg 1326w, https:\/\/anv-obererneckar.de\/wp-content\/uploads\/2020\/11\/TeichInDerAustrasse-1769x2048.jpg 1769w, https:\/\/anv-obererneckar.de\/wp-content\/uploads\/2020\/11\/TeichInDerAustrasse.jpg 1962w\" sizes=\"auto, (max-width: 884px) 100vw, 884px\" \/><\/a><\/figure>\n\n\n\n<figure class=\"wp-block-image size-large\"><a href=\"https:\/\/anv-obererneckar.de\/wp-content\/uploads\/2020\/11\/Irslenbach.jpg\"><img loading=\"lazy\" decoding=\"async\" width=\"880\" height=\"1024\" data-id=\"991\" src=\"https:\/\/anv-obererneckar.de\/wp-content\/uploads\/2020\/11\/Irslenbach-880x1024.jpg\" alt=\"\" class=\"wp-image-991\" srcset=\"https:\/\/anv-obererneckar.de\/wp-content\/uploads\/2020\/11\/Irslenbach-880x1024.jpg 880w, https:\/\/anv-obererneckar.de\/wp-content\/uploads\/2020\/11\/Irslenbach-258x300.jpg 258w, https:\/\/anv-obererneckar.de\/wp-content\/uploads\/2020\/11\/Irslenbach-768x894.jpg 768w, https:\/\/anv-obererneckar.de\/wp-content\/uploads\/2020\/11\/Irslenbach-1320x1536.jpg 1320w, https:\/\/anv-obererneckar.de\/wp-content\/uploads\/2020\/11\/Irslenbach-1760x2048.jpg 1760w, https:\/\/anv-obererneckar.de\/wp-content\/uploads\/2020\/11\/Irslenbach.jpg 1903w\" sizes=\"auto, (max-width: 880px) 100vw, 880px\" \/><\/a><\/figure>\n<figcaption class=\"blocks-gallery-caption wp-element-caption\">Bilderquelle: Oberndorfer Bilderbogen &#8211; Die neue Stadt 3. Auflage<\/figcaption><\/figure>\n\n\n\n<p><\/p>\n\n\n\n<figure class=\"wp-block-image size-large\"><a href=\"https:\/\/anv-obererneckar.de\/wp-content\/uploads\/2023\/03\/ArnoldSchmalz.jpg\"><img loading=\"lazy\" decoding=\"async\" width=\"1024\" height=\"721\" src=\"https:\/\/anv-obererneckar.de\/wp-content\/uploads\/2023\/03\/ArnoldSchmalz-1024x721.jpg\" alt=\"\" class=\"wp-image-1990\" srcset=\"https:\/\/anv-obererneckar.de\/wp-content\/uploads\/2023\/03\/ArnoldSchmalz-1024x721.jpg 1024w, https:\/\/anv-obererneckar.de\/wp-content\/uploads\/2023\/03\/ArnoldSchmalz-300x211.jpg 300w, https:\/\/anv-obererneckar.de\/wp-content\/uploads\/2023\/03\/ArnoldSchmalz-768x541.jpg 768w, https:\/\/anv-obererneckar.de\/wp-content\/uploads\/2023\/03\/ArnoldSchmalz-1536x1082.jpg 1536w, https:\/\/anv-obererneckar.de\/wp-content\/uploads\/2023\/03\/ArnoldSchmalz.jpg 1600w\" sizes=\"auto, (max-width: 1024px) 100vw, 1024px\" \/><\/a><figcaption class=\"wp-element-caption\">Neckar: Vater und Gro\u00dfvater beim Angeln. Quelle: Arnold Schmalz<\/figcaption><\/figure>\n\n\n\n<p>Der Verein verf\u00fcgt \u00fcber gepachtete Gew\u00e4sserstrecken am <strong>Neckar von Talhausen bis Aistaig in der L\u00e4nge von 15 km, Teile der Schlichem, des Irslenbaches und des T\u00fcrnerbaches bei F\u00fcrnsal<\/strong>. Es sind Gew\u00e4sser der Forellen und \u00c4schenregion. Vorkommende Fischarten sind neben der Bachforelle als Hauptfisch die \u00c4sche, die Barbe und der D\u00f6bel. Viele Kleinfischarten wie Groppen, Elritzen und Schmerlen bilden die Nahrungsbasis f\u00fcr die r\u00e4uberische Forelle. Freunde des aktiven Spinn- und Fliegenfischens finden hier naturnahe Flie\u00dfgew\u00e4sser vor, um haupts\u00e4chlich der Bachforelle und der \u00c4sche nachzustellen. In <strong>Sulz-Str\u00fctwiesen<\/strong> besitzt der Verein eine <strong>Seefl\u00e4che von 0,56 ha<\/strong>, an der in mehr ruhigerer Art Karpfen und Zander das Ziel des Anglers sind.<\/p>\n\n\n\n<p>Da einheimische Fische wie Forelle oder \u00c4sche praktisch keine Laichm\u00f6glichkeiten vorfinden und durch die PKD <sup data-fn=\"42f88591-dc6f-4b37-84c4-695feabe5d22\" class=\"fn\"><a href=\"#42f88591-dc6f-4b37-84c4-695feabe5d22\" id=\"42f88591-dc6f-4b37-84c4-695feabe5d22-link\">1<\/a><\/sup> Krankheit in ihren Best\u00e4nden beeintr\u00e4chtigt werden, ist es Aufgabe des Vereins, der Natur mit Besatzma\u00dfnahmen unter die Arme zu greifen. Mit unseren Projekten wie <em><strong><a href=\"https:\/\/anv-obererneckar.de\/?page_id=2393\" data-type=\"page\" data-id=\"2393\">Bestanderhaltung der Bachforelle<\/a> <\/strong><\/em>oder <a href=\"https:\/\/anv-obererneckar.de\/?page_id=1692\" data-type=\"page\" data-id=\"1692\"><em><strong>Wiederansiedlung der Quappe<\/strong><\/em> <\/a>tragen wir aktiv zum Erhalt eines gesunden \u00f6kologischen Gleichgewichts bei und setzen uns f\u00fcr die nachhaltige Nutzung der nat\u00fcrlichen Resourcen ein. <\/p>\n\n\n\n<p>Zus\u00e4tzlich wird das Gleichgewicht in der Fischpopulation stark durch die massenweise aufkommenden und ausschlie\u00dflich fischfressenden Kormorane in den letzten Jahren gest\u00f6rt. Besonders die \u00c4sche, ein heimischer Fisch, der nach Jahren der starken Verschmutzung des Neckars bis in die 1960er Jahre aus dem Neckar verschwunden war und erst in den 1970er Jahren durch den Oberndorfer Sportanglerverein wieder angesiedelt werden konnte, ist dem Kormoran schutzlos ausgeliefert. Anders als die Forelle, die unter Steinen Deckung sucht, steht die \u00c4sche frei im Wasser und bietet den V\u00f6geln mit ihrem gro\u00dfen Appetit ein leichtes Ziel.<\/p>\n\n\n\n<p>Selbstverst\u00e4ndlich ist ein verantwortungsbewusster Angler auch ein begeisterter Natursch\u00fctzer. So ist der Verein in allen Bereichen des Natur- und Umweltschutzes engagiert. Gew\u00e4sserschutz und die Pflege von Flora und Fauna sind dem Angler ein besonderes Anliegen.<\/p>\n\n\n\n<figure class=\"wp-block-gallery has-nested-images columns-7 is-cropped wp-block-gallery-2 is-layout-flex wp-block-gallery-is-layout-flex\">\n<figure class=\"wp-block-image size-large\"><a href=\"https:\/\/anv-obererneckar.de\/wp-content\/uploads\/2020\/11\/natur_spinne.jpg\"><img loading=\"lazy\" decoding=\"async\" width=\"600\" height=\"300\" data-id=\"1062\" src=\"https:\/\/anv-obererneckar.de\/wp-content\/uploads\/2020\/11\/natur_spinne.jpg\" alt=\"\" class=\"wp-image-1062\" srcset=\"https:\/\/anv-obererneckar.de\/wp-content\/uploads\/2020\/11\/natur_spinne.jpg 600w, https:\/\/anv-obererneckar.de\/wp-content\/uploads\/2020\/11\/natur_spinne-300x150.jpg 300w\" sizes=\"auto, (max-width: 600px) 100vw, 600px\" \/><\/a><\/figure>\n\n\n\n<figure class=\"wp-block-image size-thumbnail\"><a href=\"https:\/\/anv-obererneckar.de\/wp-content\/uploads\/2023\/05\/IMG-20230506-WA0000.jpg\"><img loading=\"lazy\" decoding=\"async\" width=\"150\" height=\"150\" data-id=\"2050\" src=\"https:\/\/anv-obererneckar.de\/wp-content\/uploads\/2023\/05\/IMG-20230506-WA0000-150x150.jpg\" alt=\"\" class=\"wp-image-2050\"\/><\/a><\/figure>\n\n\n\n<figure class=\"wp-block-image size-large\"><a href=\"https:\/\/anv-obererneckar.de\/wp-content\/uploads\/2020\/11\/natur_krebs.jpg\"><img loading=\"lazy\" decoding=\"async\" width=\"600\" height=\"300\" data-id=\"1061\" src=\"https:\/\/anv-obererneckar.de\/wp-content\/uploads\/2020\/11\/natur_krebs.jpg\" alt=\"\" class=\"wp-image-1061\" srcset=\"https:\/\/anv-obererneckar.de\/wp-content\/uploads\/2020\/11\/natur_krebs.jpg 600w, https:\/\/anv-obererneckar.de\/wp-content\/uploads\/2020\/11\/natur_krebs-300x150.jpg 300w\" sizes=\"auto, (max-width: 600px) 100vw, 600px\" \/><\/a><\/figure>\n\n\n\n<figure class=\"wp-block-image size-thumbnail\"><a href=\"https:\/\/anv-obererneckar.de\/wp-content\/uploads\/2023\/09\/IMG-20230906-WA0018.jpg\"><img loading=\"lazy\" decoding=\"async\" width=\"150\" height=\"150\" data-id=\"2296\" src=\"https:\/\/anv-obererneckar.de\/wp-content\/uploads\/2023\/09\/IMG-20230906-WA0018-150x150.jpg\" alt=\"\" class=\"wp-image-2296\"\/><\/a><\/figure>\n\n\n\n<figure class=\"wp-block-image size-thumbnail\"><a href=\"https:\/\/anv-obererneckar.de\/wp-content\/uploads\/2021\/03\/IMG-20210304-WA0005.jpg\"><img loading=\"lazy\" decoding=\"async\" width=\"150\" height=\"150\" data-id=\"1196\" src=\"https:\/\/anv-obererneckar.de\/wp-content\/uploads\/2021\/03\/IMG-20210304-WA0005-150x150.jpg\" alt=\"\" class=\"wp-image-1196\"\/><\/a><\/figure>\n\n\n\n<figure class=\"wp-block-image size-thumbnail\"><a href=\"https:\/\/anv-obererneckar.de\/wp-content\/uploads\/2020\/03\/20121013_164529-scaled.jpg\"><img loading=\"lazy\" decoding=\"async\" width=\"150\" height=\"150\" data-id=\"58\" src=\"https:\/\/anv-obererneckar.de\/wp-content\/uploads\/2020\/03\/20121013_164529-150x150.jpg\" alt=\"\" class=\"wp-image-58\"\/><\/a><\/figure>\n\n\n\n<figure class=\"wp-block-image size-thumbnail\"><a href=\"https:\/\/anv-obererneckar.de\/wp-content\/uploads\/2023\/01\/IMG-20221030-WA0114.jpg\"><img loading=\"lazy\" decoding=\"async\" width=\"150\" height=\"150\" data-id=\"1932\" src=\"https:\/\/anv-obererneckar.de\/wp-content\/uploads\/2023\/01\/IMG-20221030-WA0114-150x150.jpg\" alt=\"\" class=\"wp-image-1932\"\/><\/a><\/figure>\n<\/figure>\n\n\n<ol class=\"wp-block-footnotes\"><li id=\"42f88591-dc6f-4b37-84c4-695feabe5d22\">proliferative Nierenkrankheit der Fische <em>engl. proliferative kidney disease<\/em> <a href=\"#42f88591-dc6f-4b37-84c4-695feabe5d22-link\" aria-label=\"Zur Fu\u00dfnotenreferenz 1 navigieren\">\u21a9\ufe0e<\/a><\/li><\/ol>\n\n\n<p><\/p>\n","protected":false},"excerpt":{"rendered":"<p>Der Angel- und Naturschutzverein Oberer Neckar e.V. wurde als&nbsp; Sportanglererein Oberndorf a.N. e.V.&nbsp;am 07.09.1952 im Gasthaus Pfauen in Oberndorf gegr\u00fcndet. Er hatte am Anfang 11 Mitglieder. Die Namens\u00e4nderung erfolgte am 19.05.2020. Heute geh\u00f6ren dem Verein 72 aktive Mitglieder, 4 Ehrenmitglieder, 8 passive Mitglieder, 5 Gastfischer und 15 jugendliche Fischer an. Der Verein ist Mitglied im&hellip;&nbsp;<a href=\"https:\/\/anv-obererneckar.de\/?page_id=20\" rel=\"bookmark\">Weiterlesen &raquo;<span class=\"screen-reader-text\">Unser Verein<\/span><\/a><\/p>\n","protected":false},"author":2,"featured_media":0,"parent":0,"menu_order":0,"comment_status":"closed","ping_status":"closed","template":"","meta":{"neve_meta_sidebar":"","neve_meta_container":"","neve_meta_enable_content_width":"","neve_meta_content_width":0,"neve_meta_title_alignment":"","neve_meta_author_avatar":"","neve_post_elements_order":"","neve_meta_disable_header":"","neve_meta_disable_footer":"","neve_meta_disable_title":"","footnotes":"[{\"content\":\"proliferative Nierenkrankheit der Fische <em>engl. proliferative kidney disease<\/em>\",\"id\":\"42f88591-dc6f-4b37-84c4-695feabe5d22\"}]"},"class_list":["post-20","page","type-page","status-publish","hentry"],"_links":{"self":[{"href":"https:\/\/anv-obererneckar.de\/index.php?rest_route=\/wp\/v2\/pages\/20","targetHints":{"allow":["GET"]}}],"collection":[{"href":"https:\/\/anv-obererneckar.de\/index.php?rest_route=\/wp\/v2\/pages"}],"about":[{"href":"https:\/\/anv-obererneckar.de\/index.php?rest_route=\/wp\/v2\/types\/page"}],"author":[{"embeddable":true,"href":"https:\/\/anv-obererneckar.de\/index.php?rest_route=\/wp\/v2\/users\/2"}],"replies":[{"embeddable":true,"href":"https:\/\/anv-obererneckar.de\/index.php?rest_route=%2Fwp%2Fv2%2Fcomments&post=20"}],"version-history":[{"count":102,"href":"https:\/\/anv-obererneckar.de\/index.php?rest_route=\/wp\/v2\/pages\/20\/revisions"}],"predecessor-version":[{"id":3732,"href":"https:\/\/anv-obererneckar.de\/index.php?rest_route=\/wp\/v2\/pages\/20\/revisions\/3732"}],"wp:attachment":[{"href":"https:\/\/anv-obererneckar.de\/index.php?rest_route=%2Fwp%2Fv2%2Fmedia&parent=20"}],"curies":[{"name":"wp","href":"https:\/\/api.w.org\/{rel}","templated":true}]}}